{"id":712,"date":"2012-10-09T08:57:53","date_gmt":"2012-10-09T06:57:53","guid":{"rendered":"https:\/\/www.alvear.es\/inicio\/"},"modified":"2024-09-05T15:00:25","modified_gmt":"2024-09-05T13:00:25","slug":"inicio","status":"publish","type":"page","link":"https:\/\/www.alvear.es\/en\/","title":{"rendered":"Home"},"content":{"rendered":"<p>[vc_row][vc_column][vc_separator][vc_custom_heading text=&#8221;Our Wineries&#8221; font_container=&#8221;tag:h2|font_size:30|text_align:center&#8221; use_theme_fonts=&#8221;yes&#8221;][vc_separator][\/vc_column][\/vc_row][vc_row css=&#8221;.vc_custom_1542018144322{margin-bottom: 0px !important;padding-top: 20px !important;}&#8221;][vc_column width=&#8221;1\/2&#8243;][vc_custom_heading text=&#8221;Alvear&#8221; font_container=&#8221;tag:h1|text_align:center|color:%23202020&#8243; link=&#8221;url:https%3A%2F%2Fwww.alvear.es%2Falvear%2F|||&#8221;][vc_separator][vc_row_inner css=&#8221;.vc_custom_1541669095891{padding-bottom: 20px !important;}&#8221;][vc_column_inner][vc_single_image image=&#8221;2090&#8243; img_size=&#8221;large&#8221; alignment=&#8221;center&#8221; style=&#8221;vc_box_rounded&#8221; onclick=&#8221;custom_link&#8221; link=&#8221;https:\/\/www.alvear.es\/alvear\/&#8221;][vc_column_text css=&#8221;.vc_custom_1725537753080{margin-top: 0px !important;margin-bottom: 0px !important;padding-top: 0px !important;padding-bottom: 0px !important;}&#8221;]<\/p>\n<p id=\"tw-target-text\" class=\"tw-data-text tw-text-large tw-ta\" dir=\"ltr\" style=\"text-align: justify;\" data-placeholder=\"Traducci\u00f3n\" aria-label=\"Texto traducido\" data-ved=\"2ahUKEwibpsCq26uIAxX6SvEDHcxyG1oQ3ewLegQIBxAU\"><span class=\"Y2IQFc\" lang=\"en\">Bodegas Alvear, the oldest winery in Andalusia and one of the oldest winery families in Spain, maintains its legacy of more than 300 years, now managed by the eighth generation of the family, producing high quality wines.<\/span><\/p>\n<p>[\/vc_column_text][\/vc_column_inner][\/vc_row_inner][\/vc_column][vc_column width=&#8221;1\/2&#8243;][vc_custom_heading text=&#8221;Palacio Quemado&#8221; font_container=&#8221;tag:h1|text_align:center|color:%23000000&#8243; link=&#8221;url:https%3A%2F%2Fwww.alvear.es%2Fpalacio-quemado%2F|||&#8221;][vc_separator][vc_row_inner css=&#8221;.vc_custom_1541669119080{padding-bottom: 20px !important;}&#8221;][vc_column_inner][vc_single_image image=&#8221;2083&#8243; img_size=&#8221;large&#8221; alignment=&#8221;center&#8221; style=&#8221;vc_box_rounded&#8221; onclick=&#8221;custom_link&#8221; link=&#8221;https:\/\/www.alvear.es\/palacio-quemado\/&#8221;][vc_column_text css=&#8221;.vc_custom_1725536497021{margin-top: 0px !important;margin-bottom: 0px !important;padding-top: 0px !important;padding-bottom: 0px !important;}&#8221;]<\/p>\n<p id=\"tw-target-text\" class=\"tw-data-text tw-text-large tw-ta\" dir=\"ltr\" style=\"text-align: justify;\" data-placeholder=\"Traducci\u00f3n\" aria-label=\"Texto traducido\" data-ved=\"2ahUKEwibpsCq26uIAxX6SvEDHcxyG1oQ3ewLegQIBxAU\"><span class=\"Y2IQFc\" lang=\"en\">Palacio Quemado is dedicated to the creation of high quality wines in the Ribera del Guadiana DO. Among its main values \u200b\u200bis the potential of the terroir and its location, which stand out in each vintage.<\/span><\/p>\n<p>[\/vc_column_text][\/vc_column_inner][\/vc_row_inner][\/vc_column][\/vc_row][vc_row][vc_column][vc_empty_space][vc_separator][vc_custom_heading text=&#8221;Online shop&#8221; font_container=&#8221;tag:h2|font_size:30|text_align:center&#8221; use_theme_fonts=&#8221;yes&#8221;][vc_separator][vc_row_inner][vc_column_inner width=&#8221;1\/2&#8243;][vc_custom_heading text=&#8221;Alvear&#8221; font_container=&#8221;tag:h1|text_align:center|color:%23202020&#8243; link=&#8221;url:https%3A%2F%2Fwww.tiendaalvear.es%2F|||&#8221;][vc_single_image image=&#8221;2102&#8243; img_size=&#8221;large&#8221; alignment=&#8221;center&#8221; style=&#8221;vc_box_rounded&#8221; onclick=&#8221;custom_link&#8221; link=&#8221;https:\/\/www.tiendaalvear.es\/&#8221;][vc_column_text css=&#8221;.vc_custom_1725537767111{margin-top: 0px !important;margin-bottom: 0px !important;padding-top: 0px !important;padding-bottom: 0px !important;}&#8221;]<\/p>\n<p id=\"tw-target-text\" class=\"tw-data-text tw-text-large tw-ta\" dir=\"ltr\" style=\"text-align: justify;\" data-placeholder=\"Traducci\u00f3n\" aria-label=\"Texto traducido\" data-ved=\"2ahUKEwibpsCq26uIAxX6SvEDHcxyG1oQ3ewLegQIBxAU\"><span class=\"Y2IQFc\" lang=\"en\">The variety of wines from Alvear, Montilla-Moriles, shows the versatility of Pedro Xim\u00e9nez. From the emblematic Fino CB and PX 1927 to wines from centuries-old vintage, each bottle offers a unique experience. Also enjoy our most recent innovations.<\/span><\/p>\n<p>[\/vc_column_text][\/vc_column_inner][vc_column_inner width=&#8221;1\/2&#8243;][vc_custom_heading text=&#8221;Palacio Quemado&#8221; font_container=&#8221;tag:h1|text_align:center|color:%23202020&#8243; link=&#8221;url:https%3A%2F%2Fwww.tiendaalvear.es%2F9-palacio-quemado|||&#8221;][vc_single_image image=&#8221;2096&#8243; img_size=&#8221;large&#8221; alignment=&#8221;center&#8221; style=&#8221;vc_box_rounded&#8221; onclick=&#8221;custom_link&#8221; link=&#8221;https:\/\/www.tiendaalvear.es\/9-palacio-quemado&#8221;][vc_column_text css=&#8221;.vc_custom_1725540220515{margin-top: 0px !important;margin-bottom: 0px !important;padding-top: 0px !important;padding-bottom: 0px !important;}&#8221;]<\/p>\n<p id=\"tw-target-text\" class=\"tw-data-text tw-text-large tw-ta\" dir=\"ltr\" style=\"text-align: justify;\" data-placeholder=\"Traducci\u00f3n\" aria-label=\"Texto traducido\" data-ved=\"2ahUKEwibpsCq26uIAxX6SvEDHcxyG1oQ3ewLegQIBxAU\"><span class=\"Y2IQFc\" lang=\"en\">Explore Palacio Quemado wines: reds and whites that stand out for their fluidity, balance and pleasant flavor. Each wine reflects the unique identity of the Ribera del Guadiana DO and the special character of Extremadura terroir.<\/span><\/p>\n<p>[\/vc_column_text][\/vc_column_inner][\/vc_row_inner][vc_row_inner][vc_column_inner][vc_empty_space][vc_separator][vc_custom_heading text=&#8221;Wine tourism&#8221; font_container=&#8221;tag:h2|font_size:30|text_align:center&#8221; use_theme_fonts=&#8221;yes&#8221;][vc_separator][\/vc_column_inner][\/vc_row_inner][vc_row_inner][vc_column_inner width=&#8221;1\/2&#8243;][vc_custom_heading text=&#8221;Bodegas Alvear&#8221; font_container=&#8221;tag:h2|text_align:center|color:%23000000&#8243; link=&#8221;url:https%3A%2F%2Fwww.alvear.es%2Fen%2Fvisits-2%2F|||&#8221;][vc_single_image image=&#8221;2111&#8243; img_size=&#8221;large&#8221; alignment=&#8221;center&#8221; style=&#8221;vc_box_rounded&#8221; onclick=&#8221;custom_link&#8221; link=&#8221;https:\/\/www.alvear.es\/en\/visits-2\/&#8221;][vc_column_text]<\/p>\n<p id=\"tw-target-text\" class=\"tw-data-text tw-text-large tw-ta\" dir=\"ltr\" style=\"text-align: justify;\" data-placeholder=\"Traducci\u00f3n\" aria-label=\"Texto traducido\" data-ved=\"2ahUKEwjeyZGf5auIAxXRc_EDHfdaNlAQ3ewLegQIBxAU\"><span class=\"Y2IQFc\" lang=\"en\">Visit Alvear, the most emblematic and oldest winery in Andalusia. Live a unique experience with our rich history and wine tasting, in the DO Montilla-Moriles.<\/span><\/p>\n<p>[\/vc_column_text][\/vc_column_inner][vc_column_inner width=&#8221;1\/2&#8243;][vc_custom_heading text=&#8221;Palacio Quemado&#8221; font_container=&#8221;tag:h2|text_align:center|color:%23000000&#8243; link=&#8221;url:https%3A%2F%2Fwww.reservaonline.support%2FPalacio_Quemado%2F|||&#8221;][vc_single_image image=&#8221;2115&#8243; img_size=&#8221;large&#8221; alignment=&#8221;center&#8221; style=&#8221;vc_box_rounded&#8221; onclick=&#8221;custom_link&#8221; link=&#8221;https:\/\/www.reservaonline.support\/Palacio_Quemado\/&#8221;][vc_column_text]<\/p>\n<p id=\"tw-target-text\" class=\"tw-data-text tw-text-large tw-ta\" dir=\"ltr\" style=\"text-align: justify;\" data-placeholder=\"Traducci\u00f3n\" aria-label=\"Texto traducido\" data-ved=\"2ahUKEwjeyZGf5auIAxXRc_EDHfdaNlAQ3ewLegQIBxAU\"><span class=\"Y2IQFc\" lang=\"en\">Explore the vineyards of Palacio Quemado in an unparalleled landscape. Enjoy the tour of our winery and a tasting of our exceptional wines.<\/span><\/p>\n<p>[\/vc_column_text][\/vc_column_inner][\/vc_row_inner][vc_row_inner][vc_column_inner width=&#8221;1\/2&#8243;][vc_separator][vc_custom_heading text=&#8221;Events&#8221; font_container=&#8221;tag:h2|text_align:center|color:%23000000&#8243;][vc_single_image image=&#8221;2076&#8243; img_size=&#8221;large&#8221; alignment=&#8221;center&#8221; style=&#8221;vc_box_rounded&#8221;][vc_empty_space height=&#8221;20px&#8221;][vc_column_text]<\/p>\n<p id=\"tw-target-text\" class=\"tw-data-text tw-text-large tw-ta\" dir=\"ltr\" style=\"text-align: justify;\" data-placeholder=\"Traducci\u00f3n\" aria-label=\"Texto traducido\" data-ved=\"2ahUKEwjeyZGf5auIAxXRc_EDHfdaNlAQ3ewLegQIBxAU\"><span class=\"Y2IQFc\" lang=\"en\">Live unforgettable moments in Alvear winery, a historic and charming place. We offer unique spaces for corporate events and special celebrations. Discover how our historic setting can enhance your next event.<\/span><\/p>\n<p>[\/vc_column_text][\/vc_column_inner][vc_column_inner width=&#8221;1\/2&#8243;][vc_separator][vc_custom_heading text=&#8221;Accommodation&#8221; font_container=&#8221;tag:h2|text_align:center|color:%23000000&#8243; link=&#8221;url:https%3A%2F%2Fwww.reservaonline.support%2Fbodegasalvear%2Fcomprar_producto.html%3Fid_epigrafe%3D1080%26id_panel%3D466%26id_experiencia%3D18894%26id_elemento%3D18894%26tipo_elemento%3D2%26id_destino%3D4926%26id_operador%3D4926%26id_punto_venta%3D5918%26id_idioma%3D0%26cierre_app%3D1%26CodAgencia%3Dundefined|||&#8221;][vc_single_image image=&#8221;1784&#8243; img_size=&#8221;large&#8221; alignment=&#8221;center&#8221; style=&#8221;vc_box_rounded&#8221; onclick=&#8221;custom_link&#8221; link=&#8221;https:\/\/www.reservaonline.support\/bodegasalvear\/comprar_producto.html?id_epigrafe=1080&amp;id_panel=466&amp;id_experiencia=18894&amp;id_elemento=18894&amp;tipo_elemento=2&amp;id_destino=4926&amp;id_operador=4926&amp;id_punto_venta=5918&amp;id_idioma=0&amp;cierre_app=1&amp;CodAgencia=undefined&#8221;][vc_empty_space height=&#8221;20px&#8221;][vc_column_text]<\/p>\n<p id=\"tw-target-text\" class=\"tw-data-text tw-text-large tw-ta\" dir=\"ltr\" style=\"text-align: justify;\" data-placeholder=\"Traducci\u00f3n\" aria-label=\"Texto traducido\" data-ved=\"2ahUKEwjeyZGf5auIAxXRc_EDHfdaNlAQ3ewLegQIBxAU\"><span class=\"Y2IQFc\" lang=\"en\">If you are a lover of gastronomy and good wine, you cannot miss this wine tourism getaway. You will enjoy two nights of accommodation and a guided tour in our winery. You will live an unforgettable experience.<\/span><\/p>\n<p>[\/vc_column_text][\/vc_column_inner][\/vc_row_inner][\/vc_column][\/vc_row][vc_row disable_element=&#8221;yes&#8221; css=&#8221;.vc_custom_1542039731304{padding-top: 10% !important;}&#8221;][vc_column][vc_row_inner content_placement=&#8221;middle&#8221;][vc_column_inner width=&#8221;1\/3&#8243;][vc_column_text]<span style=\"color: #333333; font-size: 11px;\">Proyecto cofinanciada con fondos FEDER a trav\u00e9s del Programa Operativo de Crecimiento Inteligente 2014-2020 y por CDTI.<\/span>[\/vc_column_text][\/vc_column_inner][vc_column_inner width=&#8221;1\/3&#8243; css=&#8221;.vc_custom_1541673019049{padding-right: 25% !important;padding-left: 25% !important;}&#8221;][vc_single_image image=&#8221;342&#8243; img_size=&#8221;large&#8221; alignment=&#8221;center&#8221;][\/vc_column_inner][vc_column_inner width=&#8221;1\/3&#8243; css=&#8221;.vc_custom_1541673016086{padding-right: 25% !important;padding-left: 25% !important;}&#8221;][vc_single_image image=&#8221;343&#8243; img_size=&#8221;&#8221; alignment=&#8221;center&#8221;][\/vc_column_inner][\/vc_row_inner][vc_column_text css=&#8221;.vc_custom_1541672006722{margin-top: 0px !important;margin-bottom: 0px !important;}&#8221;]<\/p>\n<p style=\"text-align: center;\"><span style=\"color: #333333; font-size: 11px;\">NUEVOS VINOS SINGULARES DE LA D.O. MONTILLAMORILES.<\/span><\/p>\n<p>[\/vc_column_text][vc_column_text css=&#8221;.vc_custom_1541671924035{margin-top: 0px !important;}&#8221;]<span style=\"color: #333333; font-size: 11px;\">El objetivo del proyecto es la obtenci\u00f3n de nuevos vinos blancos singulares, con uva Pedro Xim\u00e9nez en la zona de Montilla-Moriles, a partir de selecciones de cepas de distintas edades y zonas con caracter\u00edsticas, orientaci\u00f3n y altitud diferentes, para llevar a cabo una vinificaci\u00f3n de forma separada. Los nuevos vinos objeto de este proyecto, son importantes para la empresa y, sobre todo de cara al mercado de exportaci\u00f3n, ya que van a tener un mayor afinado, asegurando una buena clarificaci\u00f3n que se mantenga a lo largo de su vida \u00fatil, para evitar turbideces y adem\u00e1s se mejorar\u00e1 los posibles problemas de pardeamiento en los vinos blancos.<\/span><br \/>\n<span style=\"color: #333333; font-size: 11px;\">Para obtener los nuevos vinos objeto de este proyecto se esta desarrollando una estrategia de producci\u00f3n que implica todas las etapas de producci\u00f3n de vino: desde la selecci\u00f3n de las parcelas, hasta la clarificaci\u00f3n y la estabilizaci\u00f3n de los caldos, pasando por la metodolog\u00eda de vinificaci\u00f3n (con piel, sin piel, con determinado grado alcoh\u00f3lico). En la fase de selecci\u00f3n se han seguido unos criterios para cada zona espec\u00edficos y posteriormente realizar vinificaciones separadas. Estas elaboraciones, se han llevado a cabo en dep\u00f3sitos de distintos materiales y capacidades, para obtener un primer vino que se ir\u00e1 mejorando en los a\u00f1os siguientes.<\/span><br \/>\n<span style=\"color: #333333; font-size: 11px;\">Actualmente se han obtenido unos vinos iniciales, que han resultado muy interesantes tanto en catas internas como en otras organizadas para ver su posible comercializaci\u00f3n, pero hay que esperar al final del proyecto para obtener los vinos definitivos.<\/span>[\/vc_column_text][\/vc_column][vc_column][\/vc_column][\/vc_row]<\/p>\n","protected":false},"excerpt":{"rendered":"<p>[vc_row][vc_column][vc_separator][vc_custom_heading text=&#8221;Our Wineries&#8221; font_container=&#8221;tag:h2|font_size:30|text_align:center&#8221; use_theme_fonts=&#8221;yes&#8221;][vc_separator][\/vc_column][\/vc_row][vc_row css=&#8221;.vc_custom_1542018144322{margin-bottom: 0px !important;padding-top: 20px !important;}&#8221;][vc_column width=&#8221;1\/2&#8243;][vc_custom_heading text=&#8221;Alvear&#8221; font_container=&#8221;tag:h1|text_align:center|color:%23202020&#8243; link=&#8221;url:https%3A%2F%2Fwww.alvear.es%2Falvear%2F|||&#8221;][vc_separator][vc_row_inner css=&#8221;.vc_custom_1541669095891{padding-bottom: 20px !important;}&#8221;][vc_column_inner][vc_single_image image=&#8221;2090&#8243; img_size=&#8221;large&#8221; alignment=&#8221;center&#8221; style=&#8221;vc_box_rounded&#8221; onclick=&#8221;custom_link&#8221; link=&#8221;https:\/\/www.alvear.es\/alvear\/&#8221;][vc_column_text css=&#8221;.vc_custom_1725537753080{margin-top: 0px !important;margin-bottom: 0px !important;padding-top: 0px !important;padding-bottom: 0px !important;}&#8221;] Bodegas Alvear, the oldest winery in Andalusia and one of the oldest winery families in Spain, maintains its legacy of more than 300<\/p>\n","protected":false},"author":2,"featured_media":0,"parent":0,"menu_order":0,"comment_status":"closed","ping_status":"closed","template":"","meta":{"om_disable_all_campaigns":false,"_monsterinsights_skip_tracking":false,"_monsterinsights_sitenote_active":false,"_monsterinsights_sitenote_note":"","_monsterinsights_sitenote_category":0,"_uf_show_specific_survey":0,"_uf_disable_surveys":false,"footnotes":""},"class_list":["post-712","page","type-page","status-publish","hentry"],"aioseo_notices":[],"yoast_head":"<!-- This site is optimized with the Yoast SEO plugin v27.5 - https:\/\/yoast.com\/product\/yoast-seo-wordpress\/ -->\n<title>Bodegas Alvear - Founded in 1729<\/title>\n<meta name=\"description\" content=\"Located within the D.O. Montilla-Moriles, Bodegas Alvear is today one of the most prestigious and internationally recognised wineries in Andalusia.\" \/>\n<meta name=\"robots\" content=\"index, follow, max-snippet:-1, max-image-preview:large, max-video-preview:-1\" \/>\n<link rel=\"canonical\" href=\"https:\/\/www.alvear.es\/en\/\" \/>\n<meta name=\"twitter:label1\" content=\"Est. reading time\" \/>\n\t<meta name=\"twitter:data1\" content=\"4 minutes\" \/>\n<script type=\"application\/ld+json\" class=\"yoast-schema-graph\">{\"@context\":\"https:\\\/\\\/schema.org\",\"@graph\":[{\"@type\":\"WebPage\",\"@id\":\"https:\\\/\\\/www.alvear.es\\\/en\\\/\",\"url\":\"https:\\\/\\\/www.alvear.es\\\/en\\\/\",\"name\":\"Bodegas Alvear - Founded in 1729\",\"isPartOf\":{\"@id\":\"https:\\\/\\\/www.alvear.es\\\/en\\\/#website\"},\"datePublished\":\"2012-10-09T06:57:53+00:00\",\"dateModified\":\"2024-09-05T13:00:25+00:00\",\"description\":\"Located within the D.O. Montilla-Moriles, Bodegas Alvear is today one of the most prestigious and internationally recognised wineries in Andalusia.\",\"breadcrumb\":{\"@id\":\"https:\\\/\\\/www.alvear.es\\\/en\\\/#breadcrumb\"},\"inLanguage\":\"en-US\",\"potentialAction\":[{\"@type\":\"ReadAction\",\"target\":[\"https:\\\/\\\/www.alvear.es\\\/en\\\/\"]}]},{\"@type\":\"BreadcrumbList\",\"@id\":\"https:\\\/\\\/www.alvear.es\\\/en\\\/#breadcrumb\",\"itemListElement\":[{\"@type\":\"ListItem\",\"position\":1,\"name\":\"Portada\",\"item\":\"https:\\\/\\\/www.alvear.es\\\/en\\\/\"},{\"@type\":\"ListItem\",\"position\":2,\"name\":\"Home\"}]},{\"@type\":\"WebSite\",\"@id\":\"https:\\\/\\\/www.alvear.es\\\/en\\\/#website\",\"url\":\"https:\\\/\\\/www.alvear.es\\\/en\\\/\",\"name\":\"Bodegas Alvear\",\"description\":\"Fundada en 1729\",\"publisher\":{\"@id\":\"https:\\\/\\\/www.alvear.es\\\/en\\\/#organization\"},\"potentialAction\":[{\"@type\":\"SearchAction\",\"target\":{\"@type\":\"EntryPoint\",\"urlTemplate\":\"https:\\\/\\\/www.alvear.es\\\/en\\\/?s={search_term_string}\"},\"query-input\":{\"@type\":\"PropertyValueSpecification\",\"valueRequired\":true,\"valueName\":\"search_term_string\"}}],\"inLanguage\":\"en-US\"},{\"@type\":\"Organization\",\"@id\":\"https:\\\/\\\/www.alvear.es\\\/en\\\/#organization\",\"name\":\"Bodegas Alvear\",\"url\":\"https:\\\/\\\/www.alvear.es\\\/en\\\/\",\"logo\":{\"@type\":\"ImageObject\",\"inLanguage\":\"en-US\",\"@id\":\"https:\\\/\\\/www.alvear.es\\\/en\\\/#\\\/schema\\\/logo\\\/image\\\/\",\"url\":\"https:\\\/\\\/www.alvear.es\\\/wp-content\\\/uploads\\\/alvear_logo.png\",\"contentUrl\":\"https:\\\/\\\/www.alvear.es\\\/wp-content\\\/uploads\\\/alvear_logo.png\",\"width\":252,\"height\":80,\"caption\":\"Bodegas Alvear\"},\"image\":{\"@id\":\"https:\\\/\\\/www.alvear.es\\\/en\\\/#\\\/schema\\\/logo\\\/image\\\/\"},\"sameAs\":[\"https:\\\/\\\/www.facebook.com\\\/BodegasAlvear\",\"https:\\\/\\\/x.com\\\/bodegas_alvear\",\"https:\\\/\\\/www.instagram.com\\\/bodegas_alvear\\\/\",\"https:\\\/\\\/www.youtube.com\\\/user\\\/BodegasAlvear1729?ob=video-mustangbase\"]}]}<\/script>\n<!-- \/ Yoast SEO plugin. -->","yoast_head_json":{"title":"Bodegas Alvear - Founded in 1729","description":"Located within the D.O. Montilla-Moriles, Bodegas Alvear is today one of the most prestigious and internationally recognised wineries in Andalusia.","robots":{"index":"index","follow":"follow","max-snippet":"max-snippet:-1","max-image-preview":"max-image-preview:large","max-video-preview":"max-video-preview:-1"},"canonical":"https:\/\/www.alvear.es\/en\/","twitter_misc":{"Est. reading time":"4 minutes"},"schema":{"@context":"https:\/\/schema.org","@graph":[{"@type":"WebPage","@id":"https:\/\/www.alvear.es\/en\/","url":"https:\/\/www.alvear.es\/en\/","name":"Bodegas Alvear - Founded in 1729","isPartOf":{"@id":"https:\/\/www.alvear.es\/en\/#website"},"datePublished":"2012-10-09T06:57:53+00:00","dateModified":"2024-09-05T13:00:25+00:00","description":"Located within the D.O. Montilla-Moriles, Bodegas Alvear is today one of the most prestigious and internationally recognised wineries in Andalusia.","breadcrumb":{"@id":"https:\/\/www.alvear.es\/en\/#breadcrumb"},"inLanguage":"en-US","potentialAction":[{"@type":"ReadAction","target":["https:\/\/www.alvear.es\/en\/"]}]},{"@type":"BreadcrumbList","@id":"https:\/\/www.alvear.es\/en\/#breadcrumb","itemListElement":[{"@type":"ListItem","position":1,"name":"Portada","item":"https:\/\/www.alvear.es\/en\/"},{"@type":"ListItem","position":2,"name":"Home"}]},{"@type":"WebSite","@id":"https:\/\/www.alvear.es\/en\/#website","url":"https:\/\/www.alvear.es\/en\/","name":"Bodegas Alvear","description":"Fundada en 1729","publisher":{"@id":"https:\/\/www.alvear.es\/en\/#organization"},"potentialAction":[{"@type":"SearchAction","target":{"@type":"EntryPoint","urlTemplate":"https:\/\/www.alvear.es\/en\/?s={search_term_string}"},"query-input":{"@type":"PropertyValueSpecification","valueRequired":true,"valueName":"search_term_string"}}],"inLanguage":"en-US"},{"@type":"Organization","@id":"https:\/\/www.alvear.es\/en\/#organization","name":"Bodegas Alvear","url":"https:\/\/www.alvear.es\/en\/","logo":{"@type":"ImageObject","inLanguage":"en-US","@id":"https:\/\/www.alvear.es\/en\/#\/schema\/logo\/image\/","url":"https:\/\/www.alvear.es\/wp-content\/uploads\/alvear_logo.png","contentUrl":"https:\/\/www.alvear.es\/wp-content\/uploads\/alvear_logo.png","width":252,"height":80,"caption":"Bodegas Alvear"},"image":{"@id":"https:\/\/www.alvear.es\/en\/#\/schema\/logo\/image\/"},"sameAs":["https:\/\/www.facebook.com\/BodegasAlvear","https:\/\/x.com\/bodegas_alvear","https:\/\/www.instagram.com\/bodegas_alvear\/","https:\/\/www.youtube.com\/user\/BodegasAlvear1729?ob=video-mustangbase"]}]}},"_links":{"self":[{"href":"https:\/\/www.alvear.es\/en\/wp-json\/wp\/v2\/pages\/712","targetHints":{"allow":["GET"]}}],"collection":[{"href":"https:\/\/www.alvear.es\/en\/wp-json\/wp\/v2\/pages"}],"about":[{"href":"https:\/\/www.alvear.es\/en\/wp-json\/wp\/v2\/types\/page"}],"author":[{"embeddable":true,"href":"https:\/\/www.alvear.es\/en\/wp-json\/wp\/v2\/users\/2"}],"replies":[{"embeddable":true,"href":"https:\/\/www.alvear.es\/en\/wp-json\/wp\/v2\/comments?post=712"}],"version-history":[{"count":21,"href":"https:\/\/www.alvear.es\/en\/wp-json\/wp\/v2\/pages\/712\/revisions"}],"predecessor-version":[{"id":2212,"href":"https:\/\/www.alvear.es\/en\/wp-json\/wp\/v2\/pages\/712\/revisions\/2212"}],"wp:attachment":[{"href":"https:\/\/www.alvear.es\/en\/wp-json\/wp\/v2\/media?parent=712"}],"curies":[{"name":"wp","href":"https:\/\/api.w.org\/{rel}","templated":true}]}}